{"id":755,"date":"2019-09-27T16:12:19","date_gmt":"2019-09-27T14:12:19","guid":{"rendered":"https:\/\/letiziainnocenti.it\/?page_id=755"},"modified":"2019-11-28T14:03:01","modified_gmt":"2019-11-28T13:03:01","slug":"pubblicazioni","status":"publish","type":"page","link":"https:\/\/letiziainnocenti.it\/it\/pubblicazioni\/","title":{"rendered":"Pubblicazioni"},"content":{"rendered":"<p><span style=\"color: #c2a42d;\"><strong>Programmi di sala per concerto:<\/strong><\/span><\/p>\n<ul>\n<li>Aldo Ciccolini (pf.), 20\/07\/1998<\/li>\n<li>Trio Mozart: Maryse Regard (vl.) &#8211; Franco Maggio Ormezowski (vlc.) &#8211; Alessandro Specchi (pf.)\u00a0&#8211; Vincenzo Mariozzi (cl.) &#8211; Luciano Giuliani (cr.), 01\/06\/1995\u00a0<\/li>\n<li>Junge\u00a0Philharmonie ZentralSchweiz: Th\u00fcring Br\u00e4m (dir.), 23\/05\/1995<\/li>\n<li>O.R.T. Orchestra della Toscana: Alan Curtis (dir.) &#8211; Daniela Mazzuccato (s.) &#8211; Roberto Scaltriti (br.), 18\/05\/1995<\/li>\n<li>Stanislav Bunin (pf.), 08\/05\/1995<\/li>\n<li>Orchestra Istituto Mascagni: Nicola Paszkowski (dir.), 04\/05\/1995<\/li>\n<li>Trio d&#8217;Archi della Scala: Stefano Pagliani (vl.) &#8211; Danilo Rossi (vla.) &#8211; Enrico Dindo (vlc.), 28\/04\/1995<\/li>\n<li>Orchestra Istituto Mascagni\/Trio Europa:\u00a0Lorenzo Parigi\u00a0(dir.) &#8211; Pavel Vernikov (vl.) &#8211; Alain Meunier (vlc.) &#8211; Christian Ivaldi (pf.), 20\/04\/1995<\/li>\n<li>A. Specchi (pf.) &#8211;\u00a0G.\u00a0Zagnoni (fl.) &#8211; P. F. Cardarelli (cb.) &#8211; G. Ascolese (batt.), 06\/04\/1995<\/li>\n<li>E. Co Ensemble, 30\/03\/1995<\/li>\n<li>Quintetto Atmos:\u00a0Daniel Rivera (pf.) &#8211;\u00a0Stefano Agostini (fl.) &#8211; Flavio Cucchi (ch.) &#8211; Paolo Antonio Tommasi (cb.) &#8211; Ettore Fancelli (batt.), 23\/03\/1995<\/li>\n<li>Il Giardino Armonico:\u00a0Giovanni Antonini (dir.), 15\/03\/1995<\/li>\n<li>Concertgebouw Chamber Orchestra Amsterdam:\u00a0Marco Boni (dir.), 06\/03\/1995<\/li>\n<li>Orchestra Istituto Mascagni:\u00a0Lorenzo Parigi (dir.) &#8211; Flavio Cucchi (ch.), 23\/02\/1995<\/li>\n<li>Rudolf Buchbinder (pf.), 25\/03\/1994<\/li>\n<li>Accademia Strumentale Toscana:\u00a0Alessandro Pinzauti (dir.) &#8211; Alberto\u00a0Bologna (vl.), 05\/05\/1992<\/li>\n<li>Pietro De Maria (pf.), 24\/04\/1991<\/li>\n<li>BBC Scottish Symphony Orchestra:\u00a0Jerzy Maksymiuk (dir.) &#8211; Dmitri Bashkirov (pf.), 31\/01\/1991<\/li>\n<li>Murray Perahia (pf.), 13\/01\/1990<\/li>\n<li>Grigorij <span style=\"font-size: 1.1rem;\">Sokolov (pf.), 16\/11\/1989<\/span><\/li>\n<li>Fran\u00e7ois-Jo\u00ebl Thiollier (pf.), 12\/04\/1989<\/li>\n<li>Giulio Cecconi (pf.), 06\/06\/1987<\/li>\n<li>Duo Vagnarelli-Caputo (vl.-pf.), 22\/02\/1987<\/li>\n<\/ul>\n<p>&nbsp;<\/p>\n<p><span style=\"color: #c2a42d;\"><strong>AULOS &#8211; Accademia Italiana dei Legni, Gruppo di Ricerca sulla Storia Musicale di Livorno:<\/strong><\/span><\/p>\n<ul>\n<li>Testi\u00a0Drammatici per Musica della Biblioteca Labronica di Livorno (a cura di R. Chiti e F. Marri), Quaderni della Labronica, parte I &#8211; parte II, 1991-1994<\/li>\n<li>Bollettino Anno V (1991) nn. 1 &#8211; 2<\/li>\n<li>Bollettino Anno IV (1990) n. 2<\/li>\n<li>Bollettino Anno IV (1990) n. 1<\/li>\n<li>Bollettino Anno III (1989) n. 1<\/li>\n<li>Bollettino Anno II (1988)\u00a0\u00a0nn. 1 &#8211; 2<\/li>\n<\/ul>\n<p>&nbsp;<\/p>\n<p><span style=\"color: #c2a42d;\"><strong>Conferenze:<\/strong><\/span><\/p>\n<ul>\n<li>ExCinema Aurora Livorno, 26\/09\/2019: Prolusione a <a href=\"https:\/\/letiziainnocenti.it\/it\/2019\/09\/15\/presentazione-concerto-liederabend\/\" target=\"_blank\" rel=\"noopener noreferrer\"><em>Liederabend<\/em><\/a><\/li>\n<li>IIS Niccolini-Palli Livorno, 21\/02\/2019: &#8220;<a href=\"https:\/\/www.museofattori.livorno.it\/mostre-ed-eventi\/alli-i-s-niccolini-palli-si-parla-di-letizia-battaglia-poi-visita-guidata-alla-mostra\/\" target=\"_blank\" rel=\"noopener noreferrer\">Ritratti a voce &#8211; L&#8217;antimafia dei fatti, dalla cronaca alla storia\u00a0per la verit\u00e0 e la giustizia<\/a>&#8221; (in occasione della mostra di Letizia Battaglia ai Granai di Villa Mimbelli)<\/li>\n<li>Kinoglaz Circolo del Cinema, 17\/04\/2012: <a href=\"http:\/\/kino-desse.org\/2011\/12\/20\/programma-4\/\" target=\"_blank\" rel=\"noopener noreferrer\">KinoOpera via satellite<\/a> &#8211; con Elisabetta Porta 15 minuti di presentazione a <em>Rigoletto<\/em><\/li>\n<li>Kinoglaz Circolo del Cinema, 01\/03\/2012: <a href=\"http:\/\/kino-desse.org\/2011\/12\/20\/programma-4\/\" target=\"_blank\" rel=\"noopener noreferrer\">KinoOpera via satellite<\/a> &#8211; con Elisabetta Porta 15 minuti di presentazione a <em>La Traviata<\/em><\/li>\n<li>Kinoglaz Circolo del Cinema, 02\/02\/2012: <a href=\"http:\/\/kino-desse.org\/2011\/12\/20\/programma-4\/\" target=\"_blank\" rel=\"noopener noreferrer\">KinoOpera via satellite<\/a> &#8211; con Elisabetta Porta 15 minuti di presentazione a <em>Manon<\/em><\/li>\n<li>Kinoglaz Circolo del Cinema, 19\/01\/2012: <a href=\"http:\/\/kino-desse.org\/2011\/12\/20\/programma-4\/\" target=\"_blank\" rel=\"noopener noreferrer\">KinoOpera via satellite<\/a> &#8211; con Elisabetta Porta 15 minuti di presentazione a <em>Turandot<\/em>\u00a0<\/li>\n<li>Kinoglaz Circolo del Cinema, 07\/12\/2011: <a href=\"http:\/\/kino-desse.org\/2011\/12\/20\/programma-4\/\" target=\"_blank\" rel=\"noopener noreferrer\">KinoOpera via satellite<\/a> &#8211; con Elisabetta Porta 15 minuti di presentazione a <em>Don Giovanni K 527\u00a0<\/em><\/li>\n<li>Kinoglaz Circolo del Cinema, 08\/11\/2011: <a href=\"http:\/\/kino-desse.org\/2011\/12\/20\/programma-4\/\" target=\"_blank\" rel=\"noopener noreferrer\">KinoOpera via satellite<\/a> &#8211; con Elisabetta Porta 15 minuti di presentazione a <em>Madama Butterfly\u00a0<\/em><\/li>\n<li>Kinoglaz Circolo del Cinema, 10\/06\/2011: <a href=\"http:\/\/kino-desse.org\/wp-content\/uploads\/2011\/03\/Manifesto-DEFINITIVO-KinOOpera.pdf\" target=\"_blank\" rel=\"noopener noreferrer\">KinoOpera via satellite<\/a> &#8211; con Elisabetta Porta 15 minuti di presentazione a <em>Macbeth<\/em>\u00a0<\/li>\n<li>Kinoglaz Circolo del Cinema, 24\/05\/2011: <a href=\"https:\/\/www.facebook.com\/notes\/circolo-del-cinema-kinoglaz-livorno\/marted\u00ec-24-maggio-2011-kinoopera-don-giovanni-di-wolfang-amadeus-mozart\/193604144005164\/\" target=\"_blank\" rel=\"noopener noreferrer\">KinoOpera via satellite<\/a> &#8211; con Elisabetta Porta 15 minuti di presentazione a <em>Don Giovanni K 527<\/em><\/li>\n<li>Kinoglaz Circolo del Cinema, 10\/05\/2011: <a href=\"https:\/\/www.facebook.com\/notes\/circolo-del-cinema-kinoglaz-livorno\/marted\u00ec-10-maggio-2011-kinoopera-il-lago-dei-cigni-di-peter-tchaikovskij\/190958610936384\/\" target=\"_blank\" rel=\"noopener noreferrer\">KinoOpera via satellite<\/a> &#8211; con Elisabetta Porta 15 minuti di presentazione a <em>Il Lago dei Cigni<\/em><\/li>\n<li>Kinoglaz Circolo del Cinema, 03\/05\/2011: <a href=\"https:\/\/www.facebook.com\/notes\/circolo-del-cinema-kinoglaz-livorno\/marted\u00ec-3-maggio-2011-kinoopera-aida-di-giuseppe-verdi-regia-di-ferzan-ozpetek\/189819664383612\/\" target=\"_blank\" rel=\"noopener noreferrer\">KinoOpera\u00a0via satellite<\/a> &#8211; con Elisabetta Porta 15 minuti di presentazione a <em>Aida<\/em><\/li>\n<li>Kinoglaz Circolo del Cinema, 26\/04\/2011: <a href=\"https:\/\/www.facebook.com\/notes\/circolo-del-cinema-kinoglaz-livorno\/marted\u00ec-26-aprile-2011-kinoopera-il-barbiere-di-siviglia-di-gioacchino-rossini\/188548347844077\/\" target=\"_blank\" rel=\"noopener noreferrer\">KinoOpera via satellite<\/a> &#8211; con Elisabetta Porta 15 minuti di presentazione a <em>Il Barbiere di Siviglia<\/em><\/li>\n<li>Kinoglaz Circolo del Cinema, 07\/04\/2011: <a href=\"https:\/\/www.facebook.com\/notes\/circolo-del-cinema-kinoglaz-livorno\/gioved\u00ec-7-aprile-2011-kinoopera-lo-schiaccianoci-di-p\u00ebtr-ili\u010d-\u010dajkovskij\/184897261542519\/\" target=\"_blank\" rel=\"noopener noreferrer\">KinoOpera via satellite<\/a> &#8211; con Elisabetta Porta 15 minuti di presentazione a <em>Lo Schiaccianoci<\/em><\/li>\n<li>Kinoglaz Circolo del Cinema, 24\/03\/2011: <a href=\"http:\/\/kino-desse.org\/wp-content\/uploads\/2011\/03\/Manifesto-DEFINITIVO-KinOOpera.pdf\" target=\"_blank\" rel=\"noopener noreferrer\">KinoOpera via satellite<\/a> &#8211; con Elisabetta Porta 15 minuti di presentazione a <em>Die Zauberfl\u00f6te\/Il flauto magico K 620<\/em><\/li>\n<li>Kinoglaz Circolo del Cinema, 08\/03\/2011: <a href=\"http:\/\/kino-desse.org\/wp-content\/uploads\/2011\/03\/Manifesto-DEFINITIVO-KinOOpera.pdf\" target=\"_blank\" rel=\"noopener noreferrer\">KinoOpera via satellite<\/a> &#8211; con Elisabetta Porta 15 minuti di presentazione a <em>La Boh\u00e8me<\/em><\/li>\n<li>Kinoglaz Circolo del Cinema, 17\/02\/2011: KinoOpera via satellite &#8211; con Elisabetta Porta 15 minuti di presentazione a <em>Cosi fan tutte K 588<\/em><\/li>\n<li>Kinoglaz Circolo del Cinema, 03\/02\/2011: KinoOpera via satellite &#8211; con Elisabetta Porta 15 minuti di presentazione a <em>Falstaff\u00a0<\/em><\/li>\n<li>Kinoglaz Circolo del Cinema, 20\/01\/2011: KinoOpera via satellite &#8211; con Elisabetta Porta 15 minuti di presentazione a <em>Cavalleria Rusticana<\/em> e <em>Pagliacci<\/em><\/li>\n<li>Kinoglaz Circolo del Cinema, 19\/01\/2011: KinoOpera via satellite &#8211; con Elisabetta Porta 15 minuti di presentazione a <em>Giselle<\/em><\/li>\n<li>Kinoglaz Circolo del Cinema, 05\/01\/2011: KinoOpera via satellite &#8211; con Elisabetta Porta 15 minuti di presentazione a <em>La Boh\u00e8me<span style=\"font-size: 1.1rem;\">\u00a0<\/span><\/em><\/li>\n<li>Kinoglaz Circolo del Cinema, 21\/12\/2010: KinoOpera via satellite &#8211; con Elisabetta Porta 15 minuti di presentazione a <em>Le nozze di Figaro K 492<\/em><\/li>\n<li>Kinoglaz Circolo del Cinema, 07\/12\/2010: KinoOpera via satellite &#8211; con Elisabetta Porta 15 minuti di presentazione a <em>Die Walk\u00fcre<\/em>\/<em>La Valchiria<\/em><\/li>\n<li>Sala LEM Livorno, 06\/05\/2010: &#8220;Storia d&#8217;Italia e terrorismo&#8221; con Nando dalla Chiesa, Andrea Casalegno e Catia Sonetti (in\u00a0collaborazione con Istoreco &#8211; Istituto Storico della Resistenza e della Societ\u00e0 Contemporanea)<\/li>\n<li>Kinoglaz Circolo del Cinema, 08\/02\/2010:\u00a0con Elisabetta Porta\u00a0&#8220;<a href=\"https:\/\/letiziainnocenti.it\/it\/2010\/02\/08\/lezione-concerto-livorno-08-02-2010\/\" target=\"_blank\" rel=\"noopener noreferrer\">Ascoltare l&#8217;immagine &#8211; Ennio Morricone<\/a>&#8221; (Lezione-Concerto)<\/li>\n<li>Libreria Gaia Scienza &#8211; Livorno, 25\/11\/2009: Presentazione del libro <a href=\"https:\/\/www.nandodallachiesa.it\/2009\/11\/30\/album-e-poliziotta-bilanci-sotto-natale\/\" target=\"_blank\" rel=\"noopener noreferrer\"><em>Album di famiglia<\/em><\/a> di Nando dalla Chiesa con l&#8217;Autore, Laura Bandini e Roberto Goracci<\/li>\n<li>Kinoglaz Circolo del Cinema, 09\/11\/2009:\u00a0con Elisabetta Porta\u00a0&#8220;<a href=\"https:\/\/letiziainnocenti.it\/it\/2009\/11\/09\/seminario-livorno-09-11-2009\/\" target=\"_blank\" rel=\"noopener noreferrer\">Vedere il suono &#8211; Stanley Kubrick<\/a>&#8221;\u00a0<\/li>\n<li>Kinoglaz Circolo del Cinema, 02\/11\/2009:\u00a0con Elisabetta Porta\u00a0&#8220;<a href=\"https:\/\/letiziainnocenti.it\/it\/2009\/11\/02\/seminario-livorno-02-11-2009\/\" target=\"_blank\" rel=\"noopener noreferrer\">Vedere il suono &#8211; Stanley Kubrick<\/a>&#8221;\u00a0<\/li>\n<li>Libreria Feltrinelli &#8211; Firenze, Via de&#8217; Cerretani, 11\/09\/2009: Presentazione del libro <a href=\"https:\/\/portalegiovani.comune.fi.it\/urlnews\/webzine\/6200.html\" target=\"_blank\" rel=\"noopener noreferrer\"><em>Le due guerre<\/em><\/a> di Gian Carlo Caselli con l&#8217;Autore e Elisabetta Caponnetto<\/li>\n<li>Circolo Livornese Amici dell&#8217;Opera &#8220;Galliano Masini&#8221;, 11\/01\/2009: Herbert Von Karajan<\/li>\n<li>Circolo Livornese Amici dell&#8217;Opera &#8220;Galliano Masini&#8221;, 03\/05\/2008: Schubert, <em>Winterreise D 911<\/em><\/li>\n<li>Circolo Livornese Amici dell&#8217;Opera &#8220;Galliano Masini&#8221;, 30\/03\/2008: Il disco come vetrina della musica e dell&#8217;interpretazione (solo prolusione)<\/li>\n<li>UNITRE Universit\u00e0 della Terza Et\u00e0 Livorno, 14\/05\/2007: Guida all&#8217;ascolto della Sonata barocca e della Sonata classica<\/li>\n<li>Circolo Livornese Amici dell&#8217;Opera &#8220;Galliano Masini&#8221;, 06\/05\/2007: Beethoven, <em>Concerto in Mi bemolle Maggiore n. 5 op. 73 per pianoforte e orchestra<\/em><\/li>\n<li>UNITRE Universit\u00e0 della Terza Et\u00e0 Livorno, 30\/04\/2007: Caleidoscopio delle tonalit\u00e0 &#8211; Incontro in mi minore<\/li>\n<li>Circolo Livornese Amici dell&#8217;Opera &#8220;Galliano Masini&#8221;, 22\/04\/2007: Beethoven,\u00a0<em>Concerto in do minore n. 3 op. 37 <\/em>e<em>\u00a0Concerto in Sol\u00a0Maggiore n. 4 op. 58 per pianoforte e orchestra<\/em><\/li>\n<li>UNITRE Universit\u00e0 della Terza Et\u00e0 Livorno, \u00a016\/04\/2007: Caleidoscopio delle tonalit\u00e0 &#8211; Incontro in do minore<\/li>\n<li>UNITRE Universit\u00e0 della Terza Et\u00e0 Livorno, 19\/03\/2007: Scene da un matrimonio &#8211; il <em>Lied<\/em>, frutto dell&#8217;attrazione fatale fra poesia e musica<\/li>\n<li>Circolo Livornese Amici dell&#8217;Opera &#8220;Galliano Masini&#8221;, 11\/03\/2007: Beethoven,\u00a0<em>Concerto in Do\u00a0Maggiore n. 1 op. 15<\/em> e <em>Concerto in Si bemolle Maggiore n. 2 op. 19 per pianoforte e orchestra<\/em><\/li>\n<li>UNITRE Universit\u00e0 della Terza Et\u00e0 Livorno, 05\/03\/2007: La musica colta veicolata attraverso i media &#8211; scelte, uso e abuso<\/li>\n<li>UNITRE Universit\u00e0 della Terza Et\u00e0 Livorno, 19\/02\/2007: La musica colta veicolata attraverso i media &#8211; scelte, uso e abuso<\/li>\n<li>UNITRE Universit\u00e0 della Terza Et\u00e0 Livorno, 05\/02\/2007: Favole nella musica &#8211; Viaggio fantastico con \u010cajkovskij, Ravel e Stravinskij<\/li>\n<li>UNITRE Universit\u00e0 della Terza Et\u00e0 Livorno, 22\/01\/2007: Le forme di musica per danza &#8211; Itinerario europeo, popolare ed aristocratico<\/li>\n<li>Circolo Livornese Amici dell&#8217;Opera &#8220;Galliano Masini&#8221;, 03\/12\/2006: Wolfgang Amadeus Mozart,\u00a0<em>Requiem in re minore per soli, coro e orchestra KV 626<\/em><\/li>\n<li>UNITRE Universit\u00e0 della Terza Et\u00e0 Livorno, 27\/11\/2006: Wolfgang Amadeus Mozart, <em>Requiem in re minore per soli, coro e orchestra KV 626<\/em><\/li>\n<li>Circolo Livornese Amici dell&#8217;Opera &#8220;Galliano Masini&#8221;, 26\/02\/2006: Cos\u00ec fan tutti&#8230; Tanti auguri, Herr Mozart! (250\u00b0 anniversario della nascita)<\/li>\n<li>Conservatorio Statale di Musica &#8220;Giacomo Puccini&#8221; di La Spezia, 08\/05\/2003: Il Romanticismo musicale e pianistico<\/li>\n<li>Circolo Livornese Amici dell&#8217;Opera &#8220;Galliano Masini&#8221;, 01\/10\/2000: Concertisti e Scuole di Musica dell&#8217;Ottocento Livornese<\/li>\n<li>Circolo Livornese Amici dell&#8217;Opera &#8220;Galliano Masini&#8221;, 16\/04\/2000: Brahms, <em>Concerto in Re Maggiore op. 77 per violino e orchestra<\/em><\/li>\n<li>Circolo Livornese Amici dell&#8217;Opera &#8220;Galliano Masini&#8221;, 20\/02\/2000: Beethoven, <em>Concerto in Re Maggiore op. 61 per violino e orchestra<\/em><\/li>\n<li>Associazione Corale &#8220;Pietro Mascagni&#8221;, 08\/11\/1998: Il <em>Lied<\/em> di Schubert (prolusione)<\/li>\n<li>Circolo Livornese Amici dell&#8217;Opera &#8220;Galliano Masini&#8221;, 14\/06\/1998: Beethoven, <em>Sinfonia in re minore n. 9 op. 125 per soli, coro e orchestra\u00a0<\/em><\/li>\n<li>Circolo Livornese Amici dell&#8217;Opera &#8220;Galliano Masini&#8221;, 31\/05\/1998: Beethoven, <em>Sinfonia in Fa Maggiore n. 8 op. 93<\/em><\/li>\n<li>Circolo Livornese Amici dell&#8217;Opera &#8220;Galliano Masini&#8221;, 10\/05\/1998: Beethoven,\u00a0<em>Sinfonia in La Maggiore n. 7\u00a0op. 92<\/em><\/li>\n<li>Circolo Livornese Amici dell&#8217;Opera &#8220;Galliano Masini&#8221;, 05\/04\/1998: &#8220;Beethoven, <em>Sinfonia in Fa Maggiore n. 6 op. 68<\/em><\/li>\n<li>Circolo Livornese Amici dell&#8217;Opera &#8220;Galliano Masini&#8221;, 15\/03\/1998: Beethoven, <em>Sinfonia in do minore n. 5 op. 67<\/em><\/li>\n<li>Circolo Livornese Amici dell&#8217;Opera &#8220;Galliano Masini&#8221;, 18\/01\/1998: Beethoven, <em>Sinfonia in Si bemolle Maggiore n. 4 op. 60<\/em><\/li>\n<li>Circolo Livornese Amici dell&#8217;Opera &#8220;Galliano Masini&#8221;, 28\/12\/1997: Beethoven, <em>Sinfonia in do minore n. 3 op. 55<\/em><\/li>\n<li>Circolo Livornese Amici dell&#8217;Opera &#8220;Galliano Masini&#8221;, 21\/11\/1997: Beethoven, <em>Sinfonia in Re Maggiore n. 2 op. 36<\/em><\/li>\n<li>Circolo Livornese Amici dell&#8217;Opera &#8220;Galliano Masini&#8221;, 24\/10\/1997: Beethoven, <em>Sinfonia in Do Maggiore n. 1 op. 21<\/em><\/li>\n<li>Circolo Livornese Amici dell&#8217;Opera &#8220;Galliano Masini&#8221;, 21\/06\/1997: Brahms, <em>Ein Deutsches Requiem per soli, coro e orchestra op. 45<\/em><\/li>\n<li>Circolo Livornese Amici dell&#8217;Opera &#8220;Galliano Masini&#8221;, 15\/12\/1996: Lieder per voce e&#8230; (Martini, Strauss, Schubert, Martucci)<\/li>\n<li>Circolo Livornese Amici dell&#8217;Opera &#8220;Galliano Masini&#8221;, 26\/01\/1996: Nuovi orientamenti del repertorio, dal\u00a0Barocco al Romanticismo (Lezione-Concerto)<\/li>\n<li>Circolo Livornese Amici dell&#8217;Opera &#8220;Galliano Masini&#8221;, 19\/05\/1995: Dalla liederistica alla Romanza da salotto<\/li>\n<li>Circolo Livornese Amici dell&#8217;Opera &#8220;Galliano Masini&#8221;, 16\/12\/1994: Elisabeth Schwarzkopf<\/li>\n<\/ul>\n","protected":false},"excerpt":{"rendered":"<p>Programmi di sala per concerto: Aldo Ciccolini (pf.), 20\/07\/1998 Trio Mozart: Maryse Regard (vl.) &#8211; Franco Maggio Ormezowski (vlc.) &#8211; Alessandro Specchi (pf.)\u00a0&#8211; Vincenzo Mariozzi (cl.) &#8211; Luciano Giuliani (cr.), 01\/06\/1995\u00a0 Junge\u00a0Philharmonie ZentralSchweiz: Th\u00fcring Br\u00e4m (dir.), 23\/05\/1995 O.R.T. Orchestra della Toscana: Alan Curtis (dir.) &#8211; Daniela Mazzuccato (s.) &#8211; Roberto Scaltriti (br.), 18\/05\/1995 Stanislav Bunin &hellip;<\/p>\n","protected":false},"author":1,"featured_media":0,"parent":0,"menu_order":0,"comment_status":"closed","ping_status":"closed","template":"","meta":[],"acf":[],"yoast_head":"<!-- This site is optimized with the Yoast SEO plugin v19.0 - https:\/\/yoast.com\/wordpress\/plugins\/seo\/ -->\n<title>Pubblicazioni - Letizia Innocenti - pianista<\/title>\n<meta name=\"robots\" content=\"index, follow, max-snippet:-1, max-image-preview:large, max-video-preview:-1\" \/>\n<link rel=\"canonical\" href=\"https:\/\/letiziainnocenti.it\/it\/pubblicazioni\/\" \/>\n<meta property=\"og:locale\" content=\"it_IT\" \/>\n<meta property=\"og:type\" content=\"article\" \/>\n<meta property=\"og:title\" content=\"Pubblicazioni - Letizia Innocenti - pianista\" \/>\n<meta property=\"og:description\" content=\"Programmi di sala per concerto: Aldo Ciccolini (pf.), 20\/07\/1998 Trio Mozart: Maryse Regard (vl.) &#8211; Franco Maggio Ormezowski (vlc.) &#8211; Alessandro Specchi (pf.)\u00a0&#8211; Vincenzo Mariozzi (cl.) &#8211; Luciano Giuliani (cr.), 01\/06\/1995\u00a0 Junge\u00a0Philharmonie ZentralSchweiz: Th\u00fcring Br\u00e4m (dir.), 23\/05\/1995 O.R.T. Orchestra della Toscana: Alan Curtis (dir.) &#8211; Daniela Mazzuccato (s.) &#8211; Roberto Scaltriti (br.), 18\/05\/1995 Stanislav Bunin &hellip;\" \/>\n<meta property=\"og:url\" content=\"https:\/\/letiziainnocenti.it\/it\/pubblicazioni\/\" \/>\n<meta property=\"og:site_name\" content=\"Letizia Innocenti - pianista\" \/>\n<meta property=\"article:modified_time\" content=\"2019-11-28T13:03:01+00:00\" \/>\n<meta name=\"twitter:card\" content=\"summary\" \/>\n<meta name=\"twitter:label1\" content=\"Tempo di lettura stimato\" \/>\n\t<meta name=\"twitter:data1\" content=\"7 minuti\" \/>\n<script type=\"application\/ld+json\" class=\"yoast-schema-graph\">{\"@context\":\"https:\/\/schema.org\",\"@graph\":[{\"@type\":\"WebSite\",\"@id\":\"https:\/\/letiziainnocenti.it\/it\/#website\",\"url\":\"https:\/\/letiziainnocenti.it\/it\/\",\"name\":\"Letizia Innocenti - pianista\",\"description\":\"Pianista - Docente - Musicologa\",\"potentialAction\":[{\"@type\":\"SearchAction\",\"target\":{\"@type\":\"EntryPoint\",\"urlTemplate\":\"https:\/\/letiziainnocenti.it\/it\/?s={search_term_string}\"},\"query-input\":\"required name=search_term_string\"}],\"inLanguage\":\"it-IT\"},{\"@type\":\"WebPage\",\"@id\":\"https:\/\/letiziainnocenti.it\/it\/pubblicazioni\/#webpage\",\"url\":\"https:\/\/letiziainnocenti.it\/it\/pubblicazioni\/\",\"name\":\"Pubblicazioni - Letizia Innocenti - pianista\",\"isPartOf\":{\"@id\":\"https:\/\/letiziainnocenti.it\/it\/#website\"},\"datePublished\":\"2019-09-27T14:12:19+00:00\",\"dateModified\":\"2019-11-28T13:03:01+00:00\",\"breadcrumb\":{\"@id\":\"https:\/\/letiziainnocenti.it\/it\/pubblicazioni\/#breadcrumb\"},\"inLanguage\":\"it-IT\",\"potentialAction\":[{\"@type\":\"ReadAction\",\"target\":[\"https:\/\/letiziainnocenti.it\/it\/pubblicazioni\/\"]}]},{\"@type\":\"BreadcrumbList\",\"@id\":\"https:\/\/letiziainnocenti.it\/it\/pubblicazioni\/#breadcrumb\",\"itemListElement\":[{\"@type\":\"ListItem\",\"position\":1,\"name\":\"Home\",\"item\":\"https:\/\/letiziainnocenti.it\/it\/\"},{\"@type\":\"ListItem\",\"position\":2,\"name\":\"Pubblicazioni\"}]}]}<\/script>\n<!-- \/ Yoast SEO plugin. -->","yoast_head_json":{"title":"Pubblicazioni - Letizia Innocenti - pianista","robots":{"index":"index","follow":"follow","max-snippet":"max-snippet:-1","max-image-preview":"max-image-preview:large","max-video-preview":"max-video-preview:-1"},"canonical":"https:\/\/letiziainnocenti.it\/it\/pubblicazioni\/","og_locale":"it_IT","og_type":"article","og_title":"Pubblicazioni - Letizia Innocenti - pianista","og_description":"Programmi di sala per concerto: Aldo Ciccolini (pf.), 20\/07\/1998 Trio Mozart: Maryse Regard (vl.) &#8211; Franco Maggio Ormezowski (vlc.) &#8211; Alessandro Specchi (pf.)\u00a0&#8211; Vincenzo Mariozzi (cl.) &#8211; Luciano Giuliani (cr.), 01\/06\/1995\u00a0 Junge\u00a0Philharmonie ZentralSchweiz: Th\u00fcring Br\u00e4m (dir.), 23\/05\/1995 O.R.T. Orchestra della Toscana: Alan Curtis (dir.) &#8211; Daniela Mazzuccato (s.) &#8211; Roberto Scaltriti (br.), 18\/05\/1995 Stanislav Bunin &hellip;","og_url":"https:\/\/letiziainnocenti.it\/it\/pubblicazioni\/","og_site_name":"Letizia Innocenti - pianista","article_modified_time":"2019-11-28T13:03:01+00:00","twitter_card":"summary","twitter_misc":{"Tempo di lettura stimato":"7 minuti"},"schema":{"@context":"https:\/\/schema.org","@graph":[{"@type":"WebSite","@id":"https:\/\/letiziainnocenti.it\/it\/#website","url":"https:\/\/letiziainnocenti.it\/it\/","name":"Letizia Innocenti - pianista","description":"Pianista - Docente - Musicologa","potentialAction":[{"@type":"SearchAction","target":{"@type":"EntryPoint","urlTemplate":"https:\/\/letiziainnocenti.it\/it\/?s={search_term_string}"},"query-input":"required name=search_term_string"}],"inLanguage":"it-IT"},{"@type":"WebPage","@id":"https:\/\/letiziainnocenti.it\/it\/pubblicazioni\/#webpage","url":"https:\/\/letiziainnocenti.it\/it\/pubblicazioni\/","name":"Pubblicazioni - Letizia Innocenti - pianista","isPartOf":{"@id":"https:\/\/letiziainnocenti.it\/it\/#website"},"datePublished":"2019-09-27T14:12:19+00:00","dateModified":"2019-11-28T13:03:01+00:00","breadcrumb":{"@id":"https:\/\/letiziainnocenti.it\/it\/pubblicazioni\/#breadcrumb"},"inLanguage":"it-IT","potentialAction":[{"@type":"ReadAction","target":["https:\/\/letiziainnocenti.it\/it\/pubblicazioni\/"]}]},{"@type":"BreadcrumbList","@id":"https:\/\/letiziainnocenti.it\/it\/pubblicazioni\/#breadcrumb","itemListElement":[{"@type":"ListItem","position":1,"name":"Home","item":"https:\/\/letiziainnocenti.it\/it\/"},{"@type":"ListItem","position":2,"name":"Pubblicazioni"}]}]}},"_links":{"self":[{"href":"https:\/\/letiziainnocenti.it\/it\/wp-json\/wp\/v2\/pages\/755\/"}],"collection":[{"href":"https:\/\/letiziainnocenti.it\/it\/wp-json\/wp\/v2\/pages\/"}],"about":[{"href":"https:\/\/letiziainnocenti.it\/it\/wp-json\/wp\/v2\/types\/page\/"}],"author":[{"embeddable":true,"href":"https:\/\/letiziainnocenti.it\/it\/wp-json\/wp\/v2\/users\/1\/"}],"replies":[{"embeddable":true,"href":"https:\/\/letiziainnocenti.it\/it\/wp-json\/wp\/v2\/comments\/?post=755"}],"version-history":[{"count":0,"href":"https:\/\/letiziainnocenti.it\/it\/wp-json\/wp\/v2\/pages\/755\/revisions\/"}],"wp:attachment":[{"href":"https:\/\/letiziainnocenti.it\/it\/wp-json\/wp\/v2\/media\/?parent=755"}],"curies":[{"name":"wp","href":"https:\/\/api.w.org\/{rel}","templated":true}]}}